{"id":16,"date":"2023-04-11T17:09:11","date_gmt":"2023-04-11T15:09:11","guid":{"rendered":"https:\/\/ambasciatapraga.esteri.it\/?page_id=16"},"modified":"2023-04-11T17:11:19","modified_gmt":"2023-04-11T15:11:19","slug":"news","status":"publish","type":"page","link":"https:\/\/ambzagabria.esteri.it\/it\/news\/","title":{"rendered":"Notizie"},"content":{"rendered":"        <div class=\"row\">\n\t\t\t<!-- Ricerca sedi post -->\n\t\t\t<div class=\"col-12 mt-4\">\n\t\t\t  <div class=\"callout callout-highlight note ricerca-esteri p-4\">\n                    <div class=\"callout-title\">\n                        <svg class=\"icon\">\n                            <use xlink:href=\"https:\/\/ambzagabria.esteri.it\/wp-content\/themes\/sedi-tema\/assets\/svg\/sprites.svg#it-search\"><\/use>\n                        <\/svg>Inserisci i parametri di ricerca                    <\/div>\n                    <form id=\"searchFormPost\" name=\"form-search-post\" class=\"form-row align-items-center\" action=\"https:\/\/ambzagabria.esteri.it\/it\/wp-json\/wp\/v2\/pages\/16\/\" method=\"GET\"> \n                        <!-- <div class=\"form-group pt-5\"> -->\n                            <!-- <input type=\"hidden\" id=\"lang\" name=\"lang\" value=\"\"> --> <!-- <\/div> -->\n\n                        <div class=\"it-datepicker-wrapper\">\n                            <div class=\"row\">\n                                <div class=\"form-group col-md-6\">\n                                    <label class=\"active\" for=\"date-init\">Dal<\/label>\n                                    <input class=\"form-control\" name=\"date-init\" id=\"date-init\" type=\"date\" placeholder=\"gg\/mm\/aaaa\" value=\"\"lang=\"en-EN\">  \n                                <\/div>\n                                <div class=\"form-group col-md-6\">\n                                    <label class=\"active\" for=\"date-end\">Al<\/label>\n                                    <input class=\"form-control\" name=\"date-end\" id=\"date-end\" type=\"date\" placeholder=\"gg\/mm\/aaaa\" value=\"\">\n                                <\/div>\n                            <\/div>\n                        <\/div>\n                        <div class=\"form-group col-md-12 mt-3\">\n                            <label for=\"searchText\">Campo ricerca libera<\/label>\n                            <input type=\"text\" name=\"searchText\" class=\"form-control\" id=\"searchText\" value=\"\">\n                        <\/div>\n                        <div class=\"form-group col-md-4 offset-md-8 text-end\">\n                            <a href=\"https:\/\/ambzagabria.esteri.it\/it\/news\/\" title=\"Form reset\" id=\"resetImput\" class=\"btn btn-outline-primary btn-xs\">Reset<\/a>\n                            <button type=\"submit\" class=\"btn btn-primary btn-xs\">Mostra risultati<\/button>\n                        <\/div>\n                    <\/form>\n\t\t\t\t<\/div>\n\t\t\t<\/div>\n\t\t<\/div>\n                    \n            <div class=\"row\">\n                            <div class=\"col-12 mt-3\">\n                <!--start card-->\n                <div class=\"card-wrapper card-space\">\n                    <div class=\"card card-bg card-big border-bottom-card\">\n                        <div class=\"card-body \">\n                                                        <div class=\"category-top\">\n                                                                                                            <span class=\"\">\n                                        <svg class=\"icon icon-secondary\">\n                                            <use xlink:href=\"https:\/\/ambzagabria.esteri.it\/wp-content\/themes\/sedi-tema\/assets\/svg\/sprites.svg#it-calendar\"><\/use>\n                                        <\/svg> 29 Aprile 2026                                    <\/span>\n                                                                    <\/div>\n                            <h5 class=\"card-title big-heading text-uppercase\"><a class=\"text-body text-decoration-none\" href=\"https:\/\/ambzagabria.esteri.it\/it\/news\/dall_ambasciata\/2026\/04\/sottosegretario-tripodi-al-vertice-delliniziativa-dei-tre-mari-italia-diviene-partner-strategico\/\" title=\"Sottosegretario Tripodi al Vertice dell\u2019Iniziativa dei Tre Mari: Italia diviene partner strategico\">Sottosegretario Tripodi al Vertice dell\u2019Iniziativa dei Tre Mari: Italia diviene partner strategico<\/a><\/h5>\n                            <p class=\"card-text\">Il Sottosegretario di Stato agli Esteri, Maria Tripodi, ha partecipato oggi a Dubrovnik \u2013 su delega del Ministro Tajani \u2013 al Vertice dell\u2019Iniziativa dei Tre Mari, piattaforma di cooperazione regionale lanciata nel 2015 e composta da 13 membri dell\u2019Unione Europea e 6 partner strategici. L\u2019appuntamento assume particolare rilevanza per l\u2019Italia, invitata a partecipare al Vertice [&hellip;]<\/p>\n                                <a title=\"Sottosegretario Tripodi al Vertice dell\u2019Iniziativa dei Tre Mari: Italia diviene partner strategico\" class=\"read-more\" href=\"https:\/\/ambzagabria.esteri.it\/it\/news\/dall_ambasciata\/2026\/04\/sottosegretario-tripodi-al-vertice-delliniziativa-dei-tre-mari-italia-diviene-partner-strategico\/\">\n                                    <span class=\"text\">Leggi di pi\u00f9<\/span>\n                                    <svg class=\"icon\">\n                                    <use xlink:href=\"https:\/\/ambzagabria.esteri.it\/wp-content\/themes\/sedi-tema\/assets\/svg\/sprites.svg#it-arrow-right\"><\/use>\n                                    <\/svg>\n                                <\/a>\n                                                    <\/div>\n                    <\/div>\n                <\/div>\n                <!--end card-->\n                <\/div><!-- col-12 .mt-3-->\n                            <div class=\"col-12 mt-3\">\n                <!--start card-->\n                <div class=\"card-wrapper card-space\">\n                    <div class=\"card card-bg card-big border-bottom-card\">\n                        <div class=\"card-body \">\n                                                        <div class=\"category-top\">\n                                                                                                            <span class=\"\">\n                                        <svg class=\"icon icon-secondary\">\n                                            <use xlink:href=\"https:\/\/ambzagabria.esteri.it\/wp-content\/themes\/sedi-tema\/assets\/svg\/sprites.svg#it-calendar\"><\/use>\n                                        <\/svg> 16 Aprile 2026                                    <\/span>\n                                                                    <\/div>\n                            <h5 class=\"card-title big-heading text-uppercase\"><a class=\"text-body text-decoration-none\" href=\"https:\/\/ambzagabria.esteri.it\/it\/news\/dall_ambasciata\/2026\/04\/intelligenza-artificiale-oltre-il-clamore-mediatico-limiti-innovazioni-e-prospettive\/\" title=\"Intelligenza artificiale oltre il clamore mediatico: Limiti, innovazioni e prospettive\">Intelligenza artificiale oltre il clamore mediatico: Limiti, innovazioni e prospettive<\/a><\/h5>\n                            <p class=\"card-text\">In occasione della Giornata della Ricerca Italiana nel Mondo, ospitata oggi presso la Facolt\u00e0 di Ingegneria Elettrica e Informatica (FER) dell\u2019Universit\u00e0 di Zagabria, l\u2019evento \u201cIntelligenza artificiale oltre il clamore mediatico: Limiti, innovazioni e prospettive\u201d, organizzato dall\u2019Ambasciata d\u2019Italia in collaborazione con l\u2019Istituto Ru\u0111er Bo\u0161kovi\u0107, FER e l\u2019Istituto Italiano di Cultura, ha offerto l\u2019opportunit\u00e0 di analizzare, in [&hellip;]<\/p>\n                                <a title=\"Intelligenza artificiale oltre il clamore mediatico: Limiti, innovazioni e prospettive\" class=\"read-more\" href=\"https:\/\/ambzagabria.esteri.it\/it\/news\/dall_ambasciata\/2026\/04\/intelligenza-artificiale-oltre-il-clamore-mediatico-limiti-innovazioni-e-prospettive\/\">\n                                    <span class=\"text\">Leggi di pi\u00f9<\/span>\n                                    <svg class=\"icon\">\n                                    <use xlink:href=\"https:\/\/ambzagabria.esteri.it\/wp-content\/themes\/sedi-tema\/assets\/svg\/sprites.svg#it-arrow-right\"><\/use>\n                                    <\/svg>\n                                <\/a>\n                                                    <\/div>\n                    <\/div>\n                <\/div>\n                <!--end card-->\n                <\/div><!-- col-12 .mt-3-->\n                            <div class=\"col-12 mt-3\">\n                <!--start card-->\n                <div class=\"card-wrapper card-space\">\n                    <div class=\"card card-bg card-big border-bottom-card\">\n                        <div class=\"card-body \">\n                                                        <div class=\"category-top\">\n                                                                                                            <span class=\"\">\n                                        <svg class=\"icon icon-secondary\">\n                                            <use xlink:href=\"https:\/\/ambzagabria.esteri.it\/wp-content\/themes\/sedi-tema\/assets\/svg\/sprites.svg#it-calendar\"><\/use>\n                                        <\/svg> 9 Aprile 2026                                    <\/span>\n                                                                    <\/div>\n                            <h5 class=\"card-title big-heading text-uppercase\"><a class=\"text-body text-decoration-none\" href=\"https:\/\/ambzagabria.esteri.it\/it\/news\/dall_ambasciata\/2026\/04\/il-ministro-tajani-a-spalato-per-la-riunione-ministeriale-del-gruppo-med9\/\" title=\"Il Ministro Tajani a Spalato per la riunione ministeriale del gruppo \u201cMED9\u201d\">Il Ministro Tajani a Spalato per la riunione ministeriale del gruppo \u201cMED9\u201d<\/a><\/h5>\n                            <p class=\"card-text\">Il Ministro degli Esteri Antonio Tajani \u00e8 stato a Spalato, in Croazia, per partecipare alla riunione ministeriale del gruppo \u201cMED9\u201d, formato creato nel 2016 per coordinare l\u2019azione dei Paesi meridionali dell\u2019Unione Europea (Italia, Francia, Spagna, Portogallo, Malta, Grecia, Croazia, Slovenia e Cipro). Ai lavori ha preso parte anche la Commissaria UE per il Mediterraneo, Dubravka [&hellip;]<\/p>\n                                <a title=\"Il Ministro Tajani a Spalato per la riunione ministeriale del gruppo \u201cMED9\u201d\" class=\"read-more\" href=\"https:\/\/ambzagabria.esteri.it\/it\/news\/dall_ambasciata\/2026\/04\/il-ministro-tajani-a-spalato-per-la-riunione-ministeriale-del-gruppo-med9\/\">\n                                    <span class=\"text\">Leggi di pi\u00f9<\/span>\n                                    <svg class=\"icon\">\n                                    <use xlink:href=\"https:\/\/ambzagabria.esteri.it\/wp-content\/themes\/sedi-tema\/assets\/svg\/sprites.svg#it-arrow-right\"><\/use>\n                                    <\/svg>\n                                <\/a>\n                                                    <\/div>\n                    <\/div>\n                <\/div>\n                <!--end card-->\n                <\/div><!-- col-12 .mt-3-->\n                            <div class=\"col-12 mt-3\">\n                <!--start card-->\n                <div class=\"card-wrapper card-space\">\n                    <div class=\"card card-bg card-big border-bottom-card\">\n                        <div class=\"card-body \">\n                                                        <div class=\"category-top\">\n                                                                                                            <span class=\"\">\n                                        <svg class=\"icon icon-secondary\">\n                                            <use xlink:href=\"https:\/\/ambzagabria.esteri.it\/wp-content\/themes\/sedi-tema\/assets\/svg\/sprites.svg#it-calendar\"><\/use>\n                                        <\/svg> 20 Marzo 2026                                    <\/span>\n                                                                    <\/div>\n                            <h5 class=\"card-title big-heading text-uppercase\"><a class=\"text-body text-decoration-none\" href=\"https:\/\/ambzagabria.esteri.it\/it\/news\/dall_ambasciata\/2026\/03\/borse-di-studio-offerte-dal-governo-italiano-a-studenti-stranieri-e-italiani-residenti-allestero-ire\/\" title=\"Borse di studio offerte dal Governo italiano a studenti stranieri e italiani residenti all\u2019estero (IRE)\">Borse di studio offerte dal Governo italiano a studenti stranieri e italiani residenti all\u2019estero (IRE)<\/a><\/h5>\n                            <p class=\"card-text\">Il\u00a0Ministero degli Affari Esteri e della Cooperazione Internazionale\u00a0(MAECI)\u00a0offre borse di studio\u00a0in favore di\u00a0studenti stranieri e Italiani Residenti all\u2019Estero (IRE)\u00a0per\u00a0l\u2019anno accademico 2026-2027, con l\u2019obiettivo di favorire la cooperazione in campo culturale, scientifico e tecnologico, la proiezione del sistema economico dell\u2019Italia nel mondo e la diffusione della conoscenza della lingua e cultura italiana (Rif. Legge 288\/55 e [&hellip;]<\/p>\n                                <a title=\"Borse di studio offerte dal Governo italiano a studenti stranieri e italiani residenti all\u2019estero (IRE)\" class=\"read-more\" href=\"https:\/\/ambzagabria.esteri.it\/it\/news\/dall_ambasciata\/2026\/03\/borse-di-studio-offerte-dal-governo-italiano-a-studenti-stranieri-e-italiani-residenti-allestero-ire\/\">\n                                    <span class=\"text\">Leggi di pi\u00f9<\/span>\n                                    <svg class=\"icon\">\n                                    <use xlink:href=\"https:\/\/ambzagabria.esteri.it\/wp-content\/themes\/sedi-tema\/assets\/svg\/sprites.svg#it-arrow-right\"><\/use>\n                                    <\/svg>\n                                <\/a>\n                                                    <\/div>\n                    <\/div>\n                <\/div>\n                <!--end card-->\n                <\/div><!-- col-12 .mt-3-->\n                            <div class=\"col-12 mt-3\">\n                <!--start card-->\n                <div class=\"card-wrapper card-space\">\n                    <div class=\"card card-bg card-big border-bottom-card\">\n                        <div class=\"card-body \">\n                                                        <div class=\"category-top\">\n                                                                                                            <span class=\"\">\n                                        <svg class=\"icon icon-secondary\">\n                                            <use xlink:href=\"https:\/\/ambzagabria.esteri.it\/wp-content\/themes\/sedi-tema\/assets\/svg\/sprites.svg#it-calendar\"><\/use>\n                                        <\/svg> 10 Marzo 2026                                    <\/span>\n                                                                    <\/div>\n                            <h5 class=\"card-title big-heading text-uppercase\"><a class=\"text-body text-decoration-none\" href=\"https:\/\/ambzagabria.esteri.it\/it\/news\/dall_ambasciata\/2026\/03\/giornata-del-design-italiano-nel-mondo\/\" title=\"Giornata del Design Italiano nel Mondo\">Giornata del Design Italiano nel Mondo<\/a><\/h5>\n                            <p class=\"card-text\">L\u2019Ambasciata d\u2019Italia a Zagabria, in collaborazione con il Dipartimento di Design della Facolt\u00e0 di Architettura dell\u2019Universit\u00e0 di Zagabria, ospiter\u00e0 a Zagabria i designer Giacomo Scandolara e Gabriele Donini, fondatori di GIGA Design Studio e Agustina Bottoni, i cui rispettivi studi sono ben affermati nel panorama del design italiano e collaborano con diverse aziende internazionali in [&hellip;]<\/p>\n                                <a title=\"Giornata del Design Italiano nel Mondo\" class=\"read-more\" href=\"https:\/\/ambzagabria.esteri.it\/it\/news\/dall_ambasciata\/2026\/03\/giornata-del-design-italiano-nel-mondo\/\">\n                                    <span class=\"text\">Leggi di pi\u00f9<\/span>\n                                    <svg class=\"icon\">\n                                    <use xlink:href=\"https:\/\/ambzagabria.esteri.it\/wp-content\/themes\/sedi-tema\/assets\/svg\/sprites.svg#it-arrow-right\"><\/use>\n                                    <\/svg>\n                                <\/a>\n                                                    <\/div>\n                    <\/div>\n                <\/div>\n                <!--end card-->\n                <\/div><!-- col-12 .mt-3-->\n                            <div class=\"col-12 mt-3\">\n                <!--start card-->\n                <div class=\"card-wrapper card-space\">\n                    <div class=\"card card-bg card-big border-bottom-card\">\n                        <div class=\"card-body \">\n                                                        <div class=\"category-top\">\n                                                                                                            <span class=\"\">\n                                        <svg class=\"icon icon-secondary\">\n                                            <use xlink:href=\"https:\/\/ambzagabria.esteri.it\/wp-content\/themes\/sedi-tema\/assets\/svg\/sprites.svg#it-calendar\"><\/use>\n                                        <\/svg> 10 Marzo 2026                                    <\/span>\n                                                                    <\/div>\n                            <h5 class=\"card-title big-heading text-uppercase\"><a class=\"text-body text-decoration-none\" href=\"https:\/\/ambzagabria.esteri.it\/it\/news\/dall_ambasciata\/2026\/03\/5286\/\" title=\"Avviso pubblico di sponsorizzazione in occasione della Festa Nazionale del 2 giugno 2026\">Avviso pubblico di sponsorizzazione in occasione della Festa Nazionale del 2 giugno 2026<\/a><\/h5>\n                            <p class=\"card-text\">L\u2019Ambasciata d\u2019Italia a Zagabria rende noto che \u00e8 stato pubblicato un Avviso di sponsorizzazione relativo alla possibilit\u00e0, per soggetti pubblici e privati, di promuovere la propria immagine in occasione della Festa Nazionale della Repubblica Italiana del 2 giugno 2026, in cambio di un corrispettivo monetario predeterminato. Si prega di consultare la documentazione allegata : Avviso [&hellip;]<\/p>\n                                <a title=\"Avviso pubblico di sponsorizzazione in occasione della Festa Nazionale del 2 giugno 2026\" class=\"read-more\" href=\"https:\/\/ambzagabria.esteri.it\/it\/news\/dall_ambasciata\/2026\/03\/5286\/\">\n                                    <span class=\"text\">Leggi di pi\u00f9<\/span>\n                                    <svg class=\"icon\">\n                                    <use xlink:href=\"https:\/\/ambzagabria.esteri.it\/wp-content\/themes\/sedi-tema\/assets\/svg\/sprites.svg#it-arrow-right\"><\/use>\n                                    <\/svg>\n                                <\/a>\n                                                    <\/div>\n                    <\/div>\n                <\/div>\n                <!--end card-->\n                <\/div><!-- col-12 .mt-3-->\n                            <div class=\"col-12 mt-3\">\n                <!--start card-->\n                <div class=\"card-wrapper card-space\">\n                    <div class=\"card card-bg card-big border-bottom-card\">\n                        <div class=\"card-body \">\n                                                        <div class=\"category-top\">\n                                                                                                            <span class=\"\">\n                                        <svg class=\"icon icon-secondary\">\n                                            <use xlink:href=\"https:\/\/ambzagabria.esteri.it\/wp-content\/themes\/sedi-tema\/assets\/svg\/sprites.svg#it-calendar\"><\/use>\n                                        <\/svg> 6 Marzo 2026                                    <\/span>\n                                                                    <\/div>\n                            <h5 class=\"card-title big-heading text-uppercase\"><a class=\"text-body text-decoration-none\" href=\"https:\/\/ambzagabria.esteri.it\/it\/news\/dall_ambasciata\/2026\/03\/amb-trichilo-in-visita-a-mormorano-1-marzo\/\" title=\"Amb. Trichilo in visita a Momarano (1\u00b0 marzo)\">Amb. Trichilo in visita a Momarano (1\u00b0 marzo)<\/a><\/h5>\n                            <p class=\"card-text\">L&#8217;Ambasciatore Trichilo ha visitato Momarano, nel comune di Marzana, in Istria, accompagnato da Maja Bizjak, responsabile dell&#8217;Ente turistico locale. L&#8217;insediamento vanta, oltre ai resti di mura preistoriche e medievali, la chiesa rinascimentale dedicata a S. Maria Maddalena, al cui interno spicca un altare ligneo del tardo Rinascimento (opera dello scultore veneziano Paolo Campsa), recentemente restaurato [&hellip;]<\/p>\n                                <a title=\"Amb. Trichilo in visita a Momarano (1\u00b0 marzo)\" class=\"read-more\" href=\"https:\/\/ambzagabria.esteri.it\/it\/news\/dall_ambasciata\/2026\/03\/amb-trichilo-in-visita-a-mormorano-1-marzo\/\">\n                                    <span class=\"text\">Leggi di pi\u00f9<\/span>\n                                    <svg class=\"icon\">\n                                    <use xlink:href=\"https:\/\/ambzagabria.esteri.it\/wp-content\/themes\/sedi-tema\/assets\/svg\/sprites.svg#it-arrow-right\"><\/use>\n                                    <\/svg>\n                                <\/a>\n                                                    <\/div>\n                    <\/div>\n                <\/div>\n                <!--end card-->\n                <\/div><!-- col-12 .mt-3-->\n                            <div class=\"col-12 mt-3\">\n                <!--start card-->\n                <div class=\"card-wrapper card-space\">\n                    <div class=\"card card-bg card-big border-bottom-card\">\n                        <div class=\"card-body \">\n                                                        <div class=\"category-top\">\n                                                                                                            <span class=\"\">\n                                        <svg class=\"icon icon-secondary\">\n                                            <use xlink:href=\"https:\/\/ambzagabria.esteri.it\/wp-content\/themes\/sedi-tema\/assets\/svg\/sprites.svg#it-calendar\"><\/use>\n                                        <\/svg> 6 Marzo 2026                                    <\/span>\n                                                                    <\/div>\n                            <h5 class=\"card-title big-heading text-uppercase\"><a class=\"text-body text-decoration-none\" href=\"https:\/\/ambzagabria.esteri.it\/it\/news\/dall_ambasciata\/2026\/03\/amb-trichilo-in-visita-al-parco-archeologico-di-nesazio-1-marzo\/\" title=\"Amb. Trichilo in visita al parco archeologico di Nesazio (1\u00b0 marzo)\">Amb. Trichilo in visita al parco archeologico di Nesazio (1\u00b0 marzo)<\/a><\/h5>\n                            <p class=\"card-text\">L&#8217;Ambasciatore Trichilo ha visitato il parco archeologico di Nesazio, dove \u00e8 possibile ammirare i resti della citt\u00e0 romana e tardoantica di Nesactium, gi\u00e0 principale insediamento degli Istri, accompagnato dall&#8217;archeologa Giulia Codacci-Terlevi\u0107, del Museo archeologico dell&#8217;Istria, e da Laura \u0160pada-Manzin, Presidente del Consiglio comunale di Lisignano.<\/p>\n                                <a title=\"Amb. Trichilo in visita al parco archeologico di Nesazio (1\u00b0 marzo)\" class=\"read-more\" href=\"https:\/\/ambzagabria.esteri.it\/it\/news\/dall_ambasciata\/2026\/03\/amb-trichilo-in-visita-al-parco-archeologico-di-nesazio-1-marzo\/\">\n                                    <span class=\"text\">Leggi di pi\u00f9<\/span>\n                                    <svg class=\"icon\">\n                                    <use xlink:href=\"https:\/\/ambzagabria.esteri.it\/wp-content\/themes\/sedi-tema\/assets\/svg\/sprites.svg#it-arrow-right\"><\/use>\n                                    <\/svg>\n                                <\/a>\n                                                    <\/div>\n                    <\/div>\n                <\/div>\n                <!--end card-->\n                <\/div><!-- col-12 .mt-3-->\n                            <div class=\"col-12 mt-3\">\n                <!--start card-->\n                <div class=\"card-wrapper card-space\">\n                    <div class=\"card card-bg card-big border-bottom-card\">\n                        <div class=\"card-body \">\n                                                        <div class=\"category-top\">\n                                                                                                            <span class=\"\">\n                                        <svg class=\"icon icon-secondary\">\n                                            <use xlink:href=\"https:\/\/ambzagabria.esteri.it\/wp-content\/themes\/sedi-tema\/assets\/svg\/sprites.svg#it-calendar\"><\/use>\n                                        <\/svg> 3 Marzo 2026                                    <\/span>\n                                                                    <\/div>\n                            <h5 class=\"card-title big-heading text-uppercase\"><a class=\"text-body text-decoration-none\" href=\"https:\/\/ambzagabria.esteri.it\/it\/news\/dall_ambasciata\/2026\/03\/referendum-costituzionale-2026-rilascio-dei-duplicat\/\" title=\"REFERENDUM COSTITUZIONALE 2026: RILASCIO DEI DUPLICATI\">REFERENDUM COSTITUZIONALE 2026: RILASCIO DEI DUPLICATI<\/a><\/h5>\n                            <p class=\"card-text\">REFERENDUM COSTITUZIONALE 2026: RILASCIO DEI DUPLICATI Si informa che A PARTIRE DA DOMENICA 8 MARZO 2026 gli elettori che non hanno ricevuto il plico elettorale per il voto per corrispondenza in occasione del referendum costituzionale del 22 e 23 marzo al proprio indirizzo di residenza potranno richiederne un DUPLICATO a questa Ambasciata. La richiesta di [&hellip;]<\/p>\n                                <a title=\"REFERENDUM COSTITUZIONALE 2026: RILASCIO DEI DUPLICATI\" class=\"read-more\" href=\"https:\/\/ambzagabria.esteri.it\/it\/news\/dall_ambasciata\/2026\/03\/referendum-costituzionale-2026-rilascio-dei-duplicat\/\">\n                                    <span class=\"text\">Leggi di pi\u00f9<\/span>\n                                    <svg class=\"icon\">\n                                    <use xlink:href=\"https:\/\/ambzagabria.esteri.it\/wp-content\/themes\/sedi-tema\/assets\/svg\/sprites.svg#it-arrow-right\"><\/use>\n                                    <\/svg>\n                                <\/a>\n                                                    <\/div>\n                    <\/div>\n                <\/div>\n                <!--end card-->\n                <\/div><!-- col-12 .mt-3-->\n                            <div class=\"col-12 mt-3\">\n                <!--start card-->\n                <div class=\"card-wrapper card-space\">\n                    <div class=\"card card-bg card-big border-bottom-card\">\n                        <div class=\"card-body \">\n                                                        <div class=\"category-top\">\n                                                                                                            <span class=\"\">\n                                        <svg class=\"icon icon-secondary\">\n                                            <use xlink:href=\"https:\/\/ambzagabria.esteri.it\/wp-content\/themes\/sedi-tema\/assets\/svg\/sprites.svg#it-calendar\"><\/use>\n                                        <\/svg> 20 Febbraio 2026                                    <\/span>\n                                                                    <\/div>\n                            <h5 class=\"card-title big-heading text-uppercase\"><a class=\"text-body text-decoration-none\" href=\"https:\/\/ambzagabria.esteri.it\/it\/news\/dall_ambasciata\/2026\/02\/borse-di-studio-delluniversita-ca-foscari-di-venezia-per-talenti-internazionali\/\" title=\"BORSE DI STUDIO DELL\u2019UNIVERSITA\u2019 CA\u2019 FOSCARI DI VENEZIA PER TALENTI INTERNAZIONALI\">BORSE DI STUDIO DELL\u2019UNIVERSITA\u2019 CA\u2019 FOSCARI DI VENEZIA PER TALENTI INTERNAZIONALI<\/a><\/h5>\n                            <p class=\"card-text\">L\u2019Ambasciata d\u2019Italia informa che per l\u2019anno accademico 2026-2027, l\u2019Universita\u2019 \u201cCa\u2019 Foscari\u201d di Venezia ha stanziato borse di studio basate esclusivamente sul merito, denominate Ca&#8217; Foscari Honours Scholarships, rivolte a studenti internazionali d&#8217;eccellenza che intendano immatricolarsi a corsi di laurea triennale o magistrale (sia in lingua italiana che inglese). In particolare, l&#8217;offerta prevede: 8 borse di [&hellip;]<\/p>\n                                <a title=\"BORSE DI STUDIO DELL\u2019UNIVERSITA\u2019 CA\u2019 FOSCARI DI VENEZIA PER TALENTI INTERNAZIONALI\" class=\"read-more\" href=\"https:\/\/ambzagabria.esteri.it\/it\/news\/dall_ambasciata\/2026\/02\/borse-di-studio-delluniversita-ca-foscari-di-venezia-per-talenti-internazionali\/\">\n                                    <span class=\"text\">Leggi di pi\u00f9<\/span>\n                                    <svg class=\"icon\">\n                                    <use xlink:href=\"https:\/\/ambzagabria.esteri.it\/wp-content\/themes\/sedi-tema\/assets\/svg\/sprites.svg#it-arrow-right\"><\/use>\n                                    <\/svg>\n                                <\/a>\n                                                    <\/div>\n                    <\/div>\n                <\/div>\n                <!--end card-->\n                <\/div><!-- col-12 .mt-3-->\n            \n            <div class=\"col-md-12 mt-4 pb-4\">\n                <nav class=\"navigation col-md-12\" aria-label=\"Navigation\">\n                    <h2 class=\"screen-reader-text visually-hidden\">Paginazione<\/h2>\n                    <div class=\"nav-links\">\n                    <span aria-current=\"page\" class=\"page-numbers current\">1<\/span>\n<a class=\"page-numbers\" href=\"https:\/\/ambzagabria.esteri.it\/it\/wp-json\/wp\/v2\/pages\/16\/?pag=2\">2<\/a>\n<a class=\"page-numbers\" href=\"https:\/\/ambzagabria.esteri.it\/it\/wp-json\/wp\/v2\/pages\/16\/?pag=3\">3<\/a>\n<span class=\"page-numbers dots\">&hellip;<\/span>\n<a class=\"page-numbers\" href=\"https:\/\/ambzagabria.esteri.it\/it\/wp-json\/wp\/v2\/pages\/16\/?pag=81\">81<\/a>\n<a class=\"next page-numbers\" href=\"https:\/\/ambzagabria.esteri.it\/it\/wp-json\/wp\/v2\/pages\/16\/?pag=2\"><svg class=\"icon icon-primary\"><use xlink:href=\"https:\/\/ambzagabria.esteri.it\/wp-content\/themes\/sedi-tema\/assets\/svg\/sprites.svg#it-chevron-right\"><\/use><\/svg>\n                                    <span class=\"visually-hidden\">Pagina successiva<\/span><\/a>                    <\/div>\n                <\/nav>\n            <\/div>   <!--.col-md-12 -->\n              <\/div><!--.row -->\n              \n","protected":false},"excerpt":{"rendered":"","protected":false},"author":1,"featured_media":0,"parent":0,"menu_order":8,"comment_status":"closed","ping_status":"closed","template":"","meta":{"footnotes":""},"class_list":["post-16","page","type-page","status-publish","hentry"],"_links":{"self":[{"href":"https:\/\/ambzagabria.esteri.it\/it\/wp-json\/wp\/v2\/pages\/16","targetHints":{"allow":["GET"]}}],"collection":[{"href":"https:\/\/ambzagabria.esteri.it\/it\/wp-json\/wp\/v2\/pages"}],"about":[{"href":"https:\/\/ambzagabria.esteri.it\/it\/wp-json\/wp\/v2\/types\/page"}],"author":[{"embeddable":true,"href":"https:\/\/ambzagabria.esteri.it\/it\/wp-json\/wp\/v2\/users\/1"}],"replies":[{"embeddable":true,"href":"https:\/\/ambzagabria.esteri.it\/it\/wp-json\/wp\/v2\/comments?post=16"}],"version-history":[{"count":2,"href":"https:\/\/ambzagabria.esteri.it\/it\/wp-json\/wp\/v2\/pages\/16\/revisions"}],"predecessor-version":[{"id":21,"href":"https:\/\/ambzagabria.esteri.it\/it\/wp-json\/wp\/v2\/pages\/16\/revisions\/21"}],"wp:attachment":[{"href":"https:\/\/ambzagabria.esteri.it\/it\/wp-json\/wp\/v2\/media?parent=16"}],"curies":[{"name":"wp","href":"https:\/\/api.w.org\/{rel}","templated":true}]}}